{"id":98599,"date":"2014-12-15T19:59:15","date_gmt":"2014-12-16T00:59:15","guid":{"rendered":"https:\/\/adhoc-architectes.com\/services-residentiel\/"},"modified":"2024-04-19T07:05:15","modified_gmt":"2024-04-19T12:05:15","slug":"residential-architect-montreal","status":"publish","type":"page","link":"https:\/\/adhoc-architectes.com\/en\/residential-architect-montreal\/","title":{"rendered":"Residential architect in Montreal"},"content":{"rendered":"<div class=\"wpb-content-wrapper\"><p>[vc_row unlock_row_content=&#8221;yes&#8221; row_height_percent=&#8221;0&#8243; overlay_alpha=&#8221;50&#8243; gutter_size=&#8221;0&#8243; column_width_percent=&#8221;100&#8243; shift_y=&#8221;0&#8243; z_index=&#8221;0&#8243; el_class=&#8221;margetitle&#8221;][vc_column width=&#8221;1\/1&#8243;][vc_custom_heading heading_semantic=&#8221;h1&#8243; el_class=&#8221;font-less h-90 align-left titre&#8221;]<\/p>\n<p><i class=\"fa fa-minus\" style=\"font-size: 115px;\" aria-hidden=\"true\"><\/i> Residential architect in Montreal<\/p>\n<p>[\/vc_custom_heading][\/vc_column][\/vc_row][vc_row unlock_row_content=&#8221;yes&#8221; row_height_percent=&#8221;0&#8243; overlay_alpha=&#8221;50&#8243; gutter_size=&#8221;2&#8243; column_width_percent=&#8221;100&#8243; shift_y=&#8221;0&#8243; z_index=&#8221;0&#8243;][vc_column width=&#8221;1\/3&#8243;][vc_column_text el_class=&#8221;h4-custom&#8221;]<\/p>\n<h2 class=\"sous-titreh2\">SELF-PROJECTION AND ORGANIZATION<br \/>\nOF LIFE, OUR HOME, THE CONSTITUTION<br \/>\nOF OUR SPATIAL IDENTITY, CARRIES WITH IT<br \/>\nOUR DREAMS AND DESIRES<\/h2>\n<p>[\/vc_column_text][\/vc_column][vc_column width=&#8221;1\/3&#8243;][\/vc_column][vc_column width=&#8221;1\/3&#8243;][\/vc_column][\/vc_row][vc_row unlock_row_content=&#8221;yes&#8221; row_height_percent=&#8221;0&#8243; override_padding=&#8221;yes&#8221; h_padding=&#8221;2&#8243; top_padding=&#8221;0&#8243; bottom_padding=&#8221;2&#8243; overlay_alpha=&#8221;50&#8243; gutter_size=&#8221;2&#8243; column_width_percent=&#8221;100&#8243; shift_y=&#8221;0&#8243; z_index=&#8221;0&#8243;][vc_column column_width_percent=&#8221;100&#8243; gutter_size=&#8221;2&#8243; overlay_alpha=&#8221;50&#8243; shift_x=&#8221;0&#8243; shift_y=&#8221;0&#8243; shift_y_down=&#8221;0&#8243; z_index=&#8221;0&#8243; medium_width=&#8221;0&#8243; mobile_width=&#8221;0&#8243; width=&#8221;1\/3&#8243;][\/vc_column][vc_column width=&#8221;1\/3&#8243;][vc_column_text el_class=&#8221;t1-team&#8221;]When you call on ADHOC architectes, residential architects in Montreal, you give extraordinary scope to this interaction between the individual and the living space. Whatever the scale and nature of your project, whether new construction or renovation, ADHOC&#8217;s team of residential architects will reveal your home&#8217;s unusual potential and exacerbate its identity, your identity, and generate spaces offering an extraordinary quality of life.[\/vc_column_text][\/vc_column][vc_column width=&#8221;1\/3&#8243;][vc_column_text el_class=&#8221;t1-team&#8221;]When you call on our services, you can be sure that your ideas will be taken into account in the design and development process. As residential architects, we are experts in our field, but you are the one who carries the project forward with your intentions. We listen to you, and seek to include you as much as possible in our approach, to achieve a residential project that reveals the full potential of architecture and your future living spaces.[\/vc_column_text][\/vc_column][\/vc_row][vc_row unlock_row_content=&#8221;yes&#8221; row_height_percent=&#8221;0&#8243; override_padding=&#8221;yes&#8221; h_padding=&#8221;0&#8243; top_padding=&#8221;2&#8243; bottom_padding=&#8221;2&#8243; overlay_alpha=&#8221;50&#8243; gutter_size=&#8221;3&#8243; column_width_percent=&#8221;100&#8243; shift_y=&#8221;0&#8243; z_index=&#8221;0&#8243;][vc_column width=&#8221;2\/3&#8243;][vc_single_image media=&#8221;92978&#8243; media_width_percent=&#8221;100&#8243;][\/vc_column][\/vc_row][vc_row unlock_row_content=&#8221;yes&#8221; row_height_percent=&#8221;0&#8243; override_padding=&#8221;yes&#8221; h_padding=&#8221;0&#8243; top_padding=&#8221;0&#8243; bottom_padding=&#8221;0&#8243; overlay_alpha=&#8221;100&#8243; gutter_size=&#8221;0&#8243; style=&#8221;inherited&#8221;][\/vc_row][vc_row unlock_row_content=&#8221;yes&#8221; row_height_percent=&#8221;0&#8243; override_padding=&#8221;yes&#8221; h_padding=&#8221;0&#8243; top_padding=&#8221;0&#8243; bottom_padding=&#8221;0&#8243; overlay_alpha=&#8221;50&#8243; equal_height=&#8221;yes&#8221; gutter_size=&#8221;0&#8243; shift_y=&#8221;0&#8243;][\/vc_row][vc_row unlock_row_content=&#8221;yes&#8221; row_height_percent=&#8221;0&#8243; overlay_alpha=&#8221;50&#8243; gutter_size=&#8221;2&#8243; column_width_percent=&#8221;100&#8243; shift_y=&#8221;0&#8243; z_index=&#8221;0&#8243;][vc_column width=&#8221;1\/3&#8243;][vc_column_text el_class=&#8221;h4-custom&#8221;]<\/p>\n<h2 class=\"sous-titreh2\">FROM THE NOTION OF SPACE<br \/>\nTO THE EXPERIENCE OF LIVING<\/h2>\n<p>[\/vc_column_text][\/vc_column][vc_column width=&#8221;1\/3&#8243;][\/vc_column][vc_column width=&#8221;1\/3&#8243;][\/vc_column][\/vc_row][vc_row unlock_row_content=&#8221;yes&#8221; row_height_percent=&#8221;0&#8243; override_padding=&#8221;yes&#8221; h_padding=&#8221;2&#8243; top_padding=&#8221;0&#8243; bottom_padding=&#8221;2&#8243; overlay_alpha=&#8221;50&#8243; gutter_size=&#8221;2&#8243; column_width_percent=&#8221;100&#8243; shift_y=&#8221;0&#8243; z_index=&#8221;0&#8243;][vc_column width=&#8221;1\/3&#8243;][\/vc_column][vc_column width=&#8221;1\/3&#8243;][vc_column_text el_class=&#8221;t1-team&#8221;]\u2018Home\u2018 refers to a strong sense of identity and the expression of needs specific to each family. Valuing co-creation, our team of residential architects in Montreal integrates the customer into the entire creative process for optimal understanding of your needs and desires, and support throughout the project. The idea of the home as a trajectory of self-image is transposed into spaces that reflect your lifestyle.[\/vc_column_text][\/vc_column][vc_column width=&#8221;1\/3&#8243;][vc_column_text el_class=&#8221;t1-team&#8221;]D\u00e9passer vos exigences fonctionnelles et construire une expression architecturale bas\u00e9e sur une \u00e9coute attentive de vos besoins sont les fondements de notre approche. Nos architectes r\u00e9sidentiels d\u00e9veloppent cette fa\u00e7on de penser et de travailler depuis les d\u00e9buts de notre firme d\u2019architecture, valorisant l\u2019exp\u00e9rience client.[\/vc_column_text][\/vc_column][\/vc_row][vc_row unlock_row_content=&#8221;yes&#8221; row_height_percent=&#8221;0&#8243; override_padding=&#8221;yes&#8221; h_padding=&#8221;0&#8243; top_padding=&#8221;2&#8243; bottom_padding=&#8221;2&#8243; overlay_alpha=&#8221;50&#8243; gutter_size=&#8221;3&#8243; column_width_percent=&#8221;100&#8243; shift_y=&#8221;0&#8243; z_index=&#8221;0&#8243;][vc_column width=&#8221;2\/3&#8243;][vc_single_image media=&#8221;92981&#8243; media_width_percent=&#8221;100&#8243;][\/vc_column][\/vc_row][vc_row unlock_row_content=&#8221;yes&#8221; row_height_percent=&#8221;0&#8243; overlay_alpha=&#8221;50&#8243; gutter_size=&#8221;2&#8243; column_width_percent=&#8221;100&#8243; shift_y=&#8221;0&#8243; z_index=&#8221;0&#8243;][vc_column width=&#8221;1\/3&#8243;][\/vc_column][vc_column width=&#8221;1\/3&#8243;][\/vc_column][vc_column width=&#8221;1\/3&#8243;][vc_column_text el_class=&#8221;h4-custom&#8221;]<\/p>\n<h2 class=\"sous-titreh2\">FROM A DISTINCTIVE PRODUCT<br \/>\nTO AN EXTRAORDINARY<br \/>\nEXTRAORDINARY QUALITY OF LIFE<\/h2>\n<p>[\/vc_column_text][\/vc_column][\/vc_row][vc_row unlock_row_content=&#8221;yes&#8221; row_height_percent=&#8221;0&#8243; override_padding=&#8221;yes&#8221; h_padding=&#8221;2&#8243; top_padding=&#8221;0&#8243; bottom_padding=&#8221;2&#8243; overlay_alpha=&#8221;50&#8243; gutter_size=&#8221;2&#8243; column_width_percent=&#8221;100&#8243; shift_y=&#8221;0&#8243; z_index=&#8221;0&#8243;][vc_column width=&#8221;1\/3&#8243;][vc_column_text el_class=&#8221;t1-team&#8221;]Ad hoc design suggests innovation and a willingness to perpetually renew each project to achieve a contextual result perfectly adapted to the initial demand. Montreal residential architects ADHOC architectes value the architectural experience of residents. Thinking in terms of the relationship between inside and outside, volumetry, abundant fenestration and views,[\/vc_column_text][\/vc_column][vc_column width=&#8221;1\/3&#8243;][vc_column_text el_class=&#8221;t1-team&#8221;]consideration of sunlight for maximum natural illumination, use of the sun&#8217;s passive warmth, careful selection of durable and refined materials all add a qualitative dimension to the space. This spatial richness, combined with increased attention to detail, creates non-standardized spaces that engage the senses for a unique spatial experience.[\/vc_column_text][\/vc_column][vc_column width=&#8221;1\/3&#8243;][\/vc_column][\/vc_row][vc_row unlock_row_content=&#8221;yes&#8221; row_height_percent=&#8221;0&#8243; override_padding=&#8221;yes&#8221; h_padding=&#8221;0&#8243; top_padding=&#8221;2&#8243; bottom_padding=&#8221;2&#8243; overlay_alpha=&#8221;50&#8243; gutter_size=&#8221;3&#8243; column_width_percent=&#8221;100&#8243; shift_y=&#8221;0&#8243; z_index=&#8221;0&#8243;][vc_column width=&#8221;2\/3&#8243;][vc_single_image media=&#8221;92983&#8243; media_width_percent=&#8221;100&#8243;][\/vc_column][\/vc_row][vc_row unlock_row_content=&#8221;yes&#8221; row_height_percent=&#8221;0&#8243; overlay_alpha=&#8221;50&#8243; gutter_size=&#8221;2&#8243; column_width_percent=&#8221;100&#8243; shift_y=&#8221;0&#8243; z_index=&#8221;0&#8243;][vc_column width=&#8221;1\/3&#8243;][vc_column_text el_class=&#8221;h4-custom&#8221;]<\/p>\n<h2 class=\"sous-titreh2\">FROM UNDERSTANDING<br \/>\nCONTEXT TO THE CREATION<br \/>\nA NEW INTERFACE<br \/>\nWITH THE ENVIRONMENT<\/h2>\n<p>[\/vc_column_text][\/vc_column][vc_column width=&#8221;1\/3&#8243;][\/vc_column][vc_column width=&#8221;1\/3&#8243;][\/vc_column][\/vc_row][vc_row unlock_row_content=&#8221;yes&#8221; row_height_percent=&#8221;0&#8243; override_padding=&#8221;yes&#8221; h_padding=&#8221;2&#8243; top_padding=&#8221;0&#8243; bottom_padding=&#8221;2&#8243; overlay_alpha=&#8221;50&#8243; gutter_size=&#8221;2&#8243; column_width_percent=&#8221;100&#8243; shift_y=&#8221;0&#8243; z_index=&#8221;0&#8243;][vc_column width=&#8221;1\/3&#8243;][\/vc_column][vc_column width=&#8221;1\/3&#8243;][vc_column_text el_class=&#8221;t1-team&#8221;]A residential architect in Montreal has to deal with many constraints in a cosmopolitan and heterogeneous urban landscape. Taking the environment into account means understanding the relationship with the existing environment and the neighborhood, working on an architecture that serves the dynamism of an entire neighborhood, taking an architectural approach to materiality and volumes, all within the applicable regulatory context.[\/vc_column_text][\/vc_column][vc_column width=&#8221;1\/3&#8243;][vc_column_text el_class=&#8221;t1-team&#8221;]The house envelope, the boundary between inside and outside, private and public, becomes an interface in dialogue with its architectural context. The contribution of interior design expertise is an asset for both the residential architect and his client, and this is what our architectural firm is able to offer.[\/vc_column_text][\/vc_column][\/vc_row][vc_row unlock_row_content=&#8221;yes&#8221; row_height_percent=&#8221;0&#8243; override_padding=&#8221;yes&#8221; h_padding=&#8221;0&#8243; top_padding=&#8221;2&#8243; bottom_padding=&#8221;2&#8243; overlay_alpha=&#8221;50&#8243; gutter_size=&#8221;3&#8243; column_width_percent=&#8221;100&#8243; shift_y=&#8221;0&#8243; z_index=&#8221;0&#8243;][vc_column width=&#8221;2\/3&#8243;][vc_single_image media=&#8221;92984&#8243; media_width_percent=&#8221;100&#8243;][\/vc_column][\/vc_row][vc_row unlock_row_content=&#8221;yes&#8221; row_height_percent=&#8221;0&#8243; overlay_alpha=&#8221;50&#8243; gutter_size=&#8221;2&#8243; column_width_percent=&#8221;100&#8243; shift_y=&#8221;0&#8243; z_index=&#8221;0&#8243;][vc_column width=&#8221;1\/3&#8243;][\/vc_column][vc_column width=&#8221;1\/3&#8243;][\/vc_column][vc_column width=&#8221;1\/3&#8243;][vc_column_text el_class=&#8221;h4-custom&#8221;]<\/p>\n<h2 class=\"sous-titreh2\">From<br \/>\nENVIRONMENTAL CONCERN<br \/>\nTO REDUCING THE ECOLOGICAL FOOTPRINT<\/h2>\n<p>[\/vc_column_text][\/vc_column][\/vc_row][vc_row unlock_row_content=&#8221;yes&#8221; row_height_percent=&#8221;0&#8243; override_padding=&#8221;yes&#8221; h_padding=&#8221;2&#8243; top_padding=&#8221;0&#8243; bottom_padding=&#8221;2&#8243; overlay_alpha=&#8221;50&#8243; gutter_size=&#8221;2&#8243; column_width_percent=&#8221;100&#8243; shift_y=&#8221;0&#8243; z_index=&#8221;0&#8243;][vc_column width=&#8221;1\/3&#8243;][vc_column_text el_class=&#8221;t1-team&#8221;]The expertise of ADHOC&#8217;s residential architects is at your service to turn your home into a green haven in keeping with your values and ethics. Thinking in terms of reducing our footprint means proposing residential spaces that are more sustainable, and therefore of better quality.[\/vc_column_text][\/vc_column][vc_column width=&#8221;1\/3&#8243;][vc_column_text el_class=&#8221;t1-team&#8221;]Our Montreal architectural firm is a pioneer in the implementation of environmentally-friendly residential architecture, surrounding itself with bold partners willing to create viable, sustainable homes. The company has received LEED certification for several residential projects, and continues to integrate environmentally-friendly construction.[\/vc_column_text][\/vc_column][vc_column width=&#8221;1\/3&#8243;][\/vc_column][\/vc_row][vc_row unlock_row_content=&#8221;yes&#8221; row_height_percent=&#8221;0&#8243; override_padding=&#8221;yes&#8221; h_padding=&#8221;0&#8243; top_padding=&#8221;2&#8243; bottom_padding=&#8221;2&#8243; overlay_alpha=&#8221;50&#8243; gutter_size=&#8221;3&#8243; column_width_percent=&#8221;100&#8243; shift_y=&#8221;0&#8243; z_index=&#8221;0&#8243;][vc_column width=&#8221;2\/3&#8243;][vc_single_image media=&#8221;92985&#8243; media_width_percent=&#8221;100&#8243;][\/vc_column][\/vc_row][vc_row unlock_row_content=&#8221;yes&#8221; row_height_percent=&#8221;0&#8243; overlay_alpha=&#8221;50&#8243; gutter_size=&#8221;2&#8243; column_width_percent=&#8221;100&#8243; shift_y=&#8221;0&#8243; z_index=&#8221;0&#8243;][vc_column width=&#8221;1\/3&#8243;][vc_column_text el_class=&#8221;h4-custom&#8221;]<\/p>\n<h2 class=\"sous-titreh2\">A RESIDENTIAL PROJECT<br \/>\nTO MAKE A REALITY?<\/h2>\n<p>[\/vc_column_text][\/vc_column][vc_column width=&#8221;1\/3&#8243;][\/vc_column][vc_column width=&#8221;1\/3&#8243;][\/vc_column][\/vc_row][vc_row unlock_row_content=&#8221;yes&#8221; row_height_percent=&#8221;0&#8243; override_padding=&#8221;yes&#8221; h_padding=&#8221;2&#8243; top_padding=&#8221;0&#8243; bottom_padding=&#8221;2&#8243; overlay_alpha=&#8221;50&#8243; gutter_size=&#8221;2&#8243; column_width_percent=&#8221;100&#8243; shift_y=&#8221;0&#8243; z_index=&#8221;0&#8243;][vc_column width=&#8221;1\/3&#8243;][\/vc_column][vc_column width=&#8221;1\/3&#8243;][vc_column_text el_class=&#8221;t1-team&#8221;]<strong>Residential objectives?<\/strong><br \/>\nTake advantage of our expertise in residential architecture in Montreal to make your real estate dreams come true.<\/p>\n<p><a href=\"\/en\/contact\/\"><strong>Contact us!<\/strong><\/a>[\/vc_column_text][\/vc_column][vc_column width=&#8221;1\/3&#8243;][\/vc_column][\/vc_row]<\/p>\n<\/div>","protected":false},"excerpt":{"rendered":"<p>[vc_row unlock_row_content=&#8221;yes&#8221; row_height_percent=&#8221;0&#8243; overlay_alpha=&#8221;50&#8243; gutter_size=&#8221;0&#8243; column_width_percent=&#8221;100&#8243; shift_y=&#8221;0&#8243; z_index=&#8221;0&#8243; el_class=&#8221;margetitle&#8221;][vc_column width=&#8221;1\/1&#8243;][vc_custom_heading heading_semantic=&#8221;h1&#8243; el_class=&#8221;font-less h-90 align-left titre&#8221;] Residential architect in Montreal [\/vc_custom_heading][\/vc_column][\/vc_row][vc_row [&hellip;]<\/p>\n","protected":false},"author":17,"featured_media":0,"parent":0,"menu_order":266,"comment_status":"open","ping_status":"closed","template":"","meta":{"_acf_changed":false,"footnotes":""},"class_list":["post-98599","page","type-page","status-publish","hentry"],"acf":[],"yoast_head":"<!-- This site is optimized with the Yoast SEO plugin v27.3 - https:\/\/yoast.com\/product\/yoast-seo-wordpress\/ -->\n<title>Residential architect in Montreal | ADHOC Architectes<\/title>\n<meta name=\"robots\" content=\"index, follow, max-snippet:-1, max-image-preview:large, max-video-preview:-1\" \/>\n<link rel=\"canonical\" href=\"https:\/\/adhoc-architectes.com\/en\/residential-architect-montreal\/\" \/>\n<meta property=\"og:locale\" content=\"en_US\" \/>\n<meta property=\"og:type\" content=\"article\" \/>\n<meta property=\"og:title\" content=\"Residential architect in Montreal | ADHOC Architectes\" \/>\n<meta property=\"og:description\" content=\"[vc_row unlock_row_content=&#8221;yes&#8221; row_height_percent=&#8221;0&#8243; overlay_alpha=&#8221;50&#8243; gutter_size=&#8221;0&#8243; column_width_percent=&#8221;100&#8243; shift_y=&#8221;0&#8243; z_index=&#8221;0&#8243; el_class=&#8221;margetitle&#8221;][vc_column width=&#8221;1\/1&#8243;][vc_custom_heading heading_semantic=&#8221;h1&#8243; el_class=&#8221;font-less h-90 align-left titre&#8221;] Residential architect in Montreal [\/vc_custom_heading][\/vc_column][\/vc_row][vc_row [&hellip;]\" \/>\n<meta property=\"og:url\" content=\"https:\/\/adhoc-architectes.com\/en\/residential-architect-montreal\/\" \/>\n<meta property=\"og:site_name\" content=\"ADHOC Architectes\" \/>\n<meta property=\"article:publisher\" content=\"https:\/\/www.facebook.com\/adhoc.architectes\" \/>\n<meta property=\"article:modified_time\" content=\"2024-04-19T12:05:15+00:00\" \/>\n<meta name=\"twitter:card\" content=\"summary_large_image\" \/>\n<meta name=\"twitter:label1\" content=\"Est. reading time\" \/>\n\t<meta name=\"twitter:data1\" content=\"5 minutes\" \/>\n<script type=\"application\/ld+json\" class=\"yoast-schema-graph\">{\"@context\":\"https:\\\/\\\/schema.org\",\"@graph\":[{\"@type\":\"WebPage\",\"@id\":\"https:\\\/\\\/adhoc-architectes.com\\\/en\\\/residential-architect-montreal\\\/\",\"url\":\"https:\\\/\\\/adhoc-architectes.com\\\/en\\\/residential-architect-montreal\\\/\",\"name\":\"Residential architect in Montreal | ADHOC Architectes\",\"isPartOf\":{\"@id\":\"https:\\\/\\\/adhoc-architectes.com\\\/en\\\/#website\"},\"datePublished\":\"2014-12-16T00:59:15+00:00\",\"dateModified\":\"2024-04-19T12:05:15+00:00\",\"breadcrumb\":{\"@id\":\"https:\\\/\\\/adhoc-architectes.com\\\/en\\\/residential-architect-montreal\\\/#breadcrumb\"},\"inLanguage\":\"en-US\",\"potentialAction\":[{\"@type\":\"ReadAction\",\"target\":[\"https:\\\/\\\/adhoc-architectes.com\\\/en\\\/residential-architect-montreal\\\/\"]}]},{\"@type\":\"BreadcrumbList\",\"@id\":\"https:\\\/\\\/adhoc-architectes.com\\\/en\\\/residential-architect-montreal\\\/#breadcrumb\",\"itemListElement\":[{\"@type\":\"ListItem\",\"position\":1,\"name\":\"Accueil\",\"item\":\"https:\\\/\\\/adhoc-architectes.com\\\/en\\\/\"},{\"@type\":\"ListItem\",\"position\":2,\"name\":\"Residential architect in Montreal\"}]},{\"@type\":\"WebSite\",\"@id\":\"https:\\\/\\\/adhoc-architectes.com\\\/en\\\/#website\",\"url\":\"https:\\\/\\\/adhoc-architectes.com\\\/en\\\/\",\"name\":\"ADHOC Architectes\",\"description\":\"\",\"publisher\":{\"@id\":\"https:\\\/\\\/adhoc-architectes.com\\\/en\\\/#organization\"},\"potentialAction\":[{\"@type\":\"SearchAction\",\"target\":{\"@type\":\"EntryPoint\",\"urlTemplate\":\"https:\\\/\\\/adhoc-architectes.com\\\/en\\\/?s={search_term_string}\"},\"query-input\":{\"@type\":\"PropertyValueSpecification\",\"valueRequired\":true,\"valueName\":\"search_term_string\"}}],\"inLanguage\":\"en-US\"},{\"@type\":\"Organization\",\"@id\":\"https:\\\/\\\/adhoc-architectes.com\\\/en\\\/#organization\",\"name\":\"ADHOC Architectes\",\"url\":\"https:\\\/\\\/adhoc-architectes.com\\\/en\\\/\",\"logo\":{\"@type\":\"ImageObject\",\"inLanguage\":\"en-US\",\"@id\":\"https:\\\/\\\/adhoc-architectes.com\\\/en\\\/#\\\/schema\\\/logo\\\/image\\\/\",\"url\":\"https:\\\/\\\/adhoc-architectes.com\\\/wp-content\\\/uploads\\\/2015\\\/04\\\/ADHOC_FOOTER_95procent-4.jpg\",\"contentUrl\":\"https:\\\/\\\/adhoc-architectes.com\\\/wp-content\\\/uploads\\\/2015\\\/04\\\/ADHOC_FOOTER_95procent-4.jpg\",\"width\":395,\"height\":396,\"caption\":\"ADHOC Architectes\"},\"image\":{\"@id\":\"https:\\\/\\\/adhoc-architectes.com\\\/en\\\/#\\\/schema\\\/logo\\\/image\\\/\"},\"sameAs\":[\"https:\\\/\\\/www.facebook.com\\\/adhoc.architectes\",\"https:\\\/\\\/www.instagram.com\\\/adhocarchitectes\\\/?hl=fr-ca\",\"https:\\\/\\\/www.linkedin.com\\\/company\\\/adhoc-architectes\\\/\",\"https:\\\/\\\/www.pinterest.ca\\\/adhoca\\\/_created\\\/\",\"https:\\\/\\\/www.youtube.com\\\/channel\\\/UCrXda1ZnozNhAUV1A-XR7yA\\\/featured\"]}]}<\/script>\n<!-- \/ Yoast SEO plugin. -->","yoast_head_json":{"title":"Residential architect in Montreal | ADHOC Architectes","robots":{"index":"index","follow":"follow","max-snippet":"max-snippet:-1","max-image-preview":"max-image-preview:large","max-video-preview":"max-video-preview:-1"},"canonical":"https:\/\/adhoc-architectes.com\/en\/residential-architect-montreal\/","og_locale":"en_US","og_type":"article","og_title":"Residential architect in Montreal | ADHOC Architectes","og_description":"[vc_row unlock_row_content=&#8221;yes&#8221; row_height_percent=&#8221;0&#8243; overlay_alpha=&#8221;50&#8243; gutter_size=&#8221;0&#8243; column_width_percent=&#8221;100&#8243; shift_y=&#8221;0&#8243; z_index=&#8221;0&#8243; el_class=&#8221;margetitle&#8221;][vc_column width=&#8221;1\/1&#8243;][vc_custom_heading heading_semantic=&#8221;h1&#8243; el_class=&#8221;font-less h-90 align-left titre&#8221;] Residential architect in Montreal [\/vc_custom_heading][\/vc_column][\/vc_row][vc_row [&hellip;]","og_url":"https:\/\/adhoc-architectes.com\/en\/residential-architect-montreal\/","og_site_name":"ADHOC Architectes","article_publisher":"https:\/\/www.facebook.com\/adhoc.architectes","article_modified_time":"2024-04-19T12:05:15+00:00","twitter_card":"summary_large_image","twitter_misc":{"Est. reading time":"5 minutes"},"schema":{"@context":"https:\/\/schema.org","@graph":[{"@type":"WebPage","@id":"https:\/\/adhoc-architectes.com\/en\/residential-architect-montreal\/","url":"https:\/\/adhoc-architectes.com\/en\/residential-architect-montreal\/","name":"Residential architect in Montreal | ADHOC Architectes","isPartOf":{"@id":"https:\/\/adhoc-architectes.com\/en\/#website"},"datePublished":"2014-12-16T00:59:15+00:00","dateModified":"2024-04-19T12:05:15+00:00","breadcrumb":{"@id":"https:\/\/adhoc-architectes.com\/en\/residential-architect-montreal\/#breadcrumb"},"inLanguage":"en-US","potentialAction":[{"@type":"ReadAction","target":["https:\/\/adhoc-architectes.com\/en\/residential-architect-montreal\/"]}]},{"@type":"BreadcrumbList","@id":"https:\/\/adhoc-architectes.com\/en\/residential-architect-montreal\/#breadcrumb","itemListElement":[{"@type":"ListItem","position":1,"name":"Accueil","item":"https:\/\/adhoc-architectes.com\/en\/"},{"@type":"ListItem","position":2,"name":"Residential architect in Montreal"}]},{"@type":"WebSite","@id":"https:\/\/adhoc-architectes.com\/en\/#website","url":"https:\/\/adhoc-architectes.com\/en\/","name":"ADHOC Architectes","description":"","publisher":{"@id":"https:\/\/adhoc-architectes.com\/en\/#organization"},"potentialAction":[{"@type":"SearchAction","target":{"@type":"EntryPoint","urlTemplate":"https:\/\/adhoc-architectes.com\/en\/?s={search_term_string}"},"query-input":{"@type":"PropertyValueSpecification","valueRequired":true,"valueName":"search_term_string"}}],"inLanguage":"en-US"},{"@type":"Organization","@id":"https:\/\/adhoc-architectes.com\/en\/#organization","name":"ADHOC Architectes","url":"https:\/\/adhoc-architectes.com\/en\/","logo":{"@type":"ImageObject","inLanguage":"en-US","@id":"https:\/\/adhoc-architectes.com\/en\/#\/schema\/logo\/image\/","url":"https:\/\/adhoc-architectes.com\/wp-content\/uploads\/2015\/04\/ADHOC_FOOTER_95procent-4.jpg","contentUrl":"https:\/\/adhoc-architectes.com\/wp-content\/uploads\/2015\/04\/ADHOC_FOOTER_95procent-4.jpg","width":395,"height":396,"caption":"ADHOC Architectes"},"image":{"@id":"https:\/\/adhoc-architectes.com\/en\/#\/schema\/logo\/image\/"},"sameAs":["https:\/\/www.facebook.com\/adhoc.architectes","https:\/\/www.instagram.com\/adhocarchitectes\/?hl=fr-ca","https:\/\/www.linkedin.com\/company\/adhoc-architectes\/","https:\/\/www.pinterest.ca\/adhoca\/_created\/","https:\/\/www.youtube.com\/channel\/UCrXda1ZnozNhAUV1A-XR7yA\/featured"]}]}},"_links":{"self":[{"href":"https:\/\/adhoc-architectes.com\/en\/wp-json\/wp\/v2\/pages\/98599","targetHints":{"allow":["GET"]}}],"collection":[{"href":"https:\/\/adhoc-architectes.com\/en\/wp-json\/wp\/v2\/pages"}],"about":[{"href":"https:\/\/adhoc-architectes.com\/en\/wp-json\/wp\/v2\/types\/page"}],"author":[{"embeddable":true,"href":"https:\/\/adhoc-architectes.com\/en\/wp-json\/wp\/v2\/users\/17"}],"replies":[{"embeddable":true,"href":"https:\/\/adhoc-architectes.com\/en\/wp-json\/wp\/v2\/comments?post=98599"}],"version-history":[{"count":6,"href":"https:\/\/adhoc-architectes.com\/en\/wp-json\/wp\/v2\/pages\/98599\/revisions"}],"predecessor-version":[{"id":98727,"href":"https:\/\/adhoc-architectes.com\/en\/wp-json\/wp\/v2\/pages\/98599\/revisions\/98727"}],"wp:attachment":[{"href":"https:\/\/adhoc-architectes.com\/en\/wp-json\/wp\/v2\/media?parent=98599"}],"curies":[{"name":"wp","href":"https:\/\/api.w.org\/{rel}","templated":true}]}}